{"id":24853,"date":"2021-12-17T18:45:13","date_gmt":"2021-12-17T17:45:13","guid":{"rendered":"https:\/\/www.avrio.ch\/v23\/doctor-of-the-university-in-environmental-studies\/"},"modified":"2023-08-21T12:49:59","modified_gmt":"2023-08-21T10:49:59","slug":"docteur-de-luniversite-en-etudes-environnementales","status":"publish","type":"page","link":"https:\/\/www.avrio.ch\/fr\/usc\/azteca-university\/doctor-of-the-university-in-environmental-studies\/","title":{"rendered":"Dr Univ. en \u00e9tudes environnementales"},"content":{"rendered":"<h3 style=\"text-align: justify;\">Qu&#039;est-ce qu&#039;un dipl\u00f4me en \u00e9tudes environnementales ?<\/h3>\n<p style=\"text-align: justify;\">Les \u00e9tudes environnementales pourraient vous convenir. Une concentration en \u00e9tudes environnementales est une sp\u00e9cialisation interdisciplinaire sp\u00e9ciale con\u00e7ue par un \u00e9tudiant individuel dans le cadre d&#039;un programme unique.<\/p>\n<p style=\"text-align: justify;\"><div class=\"su-pullquote su-pullquote-align-right\">En savoir plus sur le <a href=\"https:\/\/avrio.edu.eu\/usc\/azteca-university\/own-degree\/doctor-of-the-university\/\">Docteur de l&#039;Universit\u00e9<\/a><\/div>Les \u00e9tudes environnementales sont un domaine acad\u00e9mique multidisciplinaire qui \u00e9tudie syst\u00e9matiquement l&#039;interaction humaine avec l&#039;environnement dans le but de r\u00e9soudre des probl\u00e8mes complexes. Les \u00e9tudes environnementales int\u00e8grent les principes des sciences\/technologies, du commerce\/\u00e9conomie et des sciences sociales abordant les probl\u00e8mes environnementaux contemporains. Il s&#039;agit d&#039;un vaste domaine d&#039;\u00e9tude englobant l&#039;environnement naturel, l&#039;environnement b\u00e2ti et les relations entre eux. Le domaine englobe l&#039;\u00e9tude des principes de base de l&#039;\u00e9cologie et des sciences de l&#039;environnement, ainsi que des sujets associ\u00e9s tels que l&#039;\u00e9thique, la g\u00e9ographie, la politique, le droit, l&#039;\u00e9conomie, la planification, le contr\u00f4le de la pollution et la gestion des ressources naturelles.<\/p>\n<p style=\"text-align: justify;\">Les \u00e9tudes environnementales offrent un espace de pens\u00e9e critique et d&#039;enqu\u00eate engag\u00e9e au sein et au-del\u00e0 des fronti\u00e8res disciplinaires et professionnelles conventionnelles, un lieu pour les \u00e9tudiants intellectuellement curieux, r\u00e9fl\u00e9chis et tr\u00e8s autonomes.<\/p>\n<p style=\"text-align: justify;\">Les professionnels souhaitant appliquer leurs cr\u00e9dits universitaires \u00e0 l&#039;obtention d&#039;un dipl\u00f4me dans un domaine sp\u00e9cifique peuvent le faire dans le cadre de ce programme, permettant aux \u00e9tudiants de transf\u00e9rer leurs cr\u00e9dits universitaires et leurs qualifications professionnelles obtenus vers leur programme d&#039;\u00e9tudes. La raison d&#039;\u00eatre des \u00e9tudes environnementales est de d\u00e9velopper le professionnalisme, de d\u00e9velopper la sensibilisation, d&#039;am\u00e9liorer la m\u00e9thodologie et la connaissance de la profession.<\/p>\n<p style=\"text-align: justify;\">Les \u00e9tudes environnementales de l&#039;Universidad Azteca sont interdisciplinaires et se concentrent sur le d\u00e9veloppement des comp\u00e9tences acad\u00e9miques de troisi\u00e8me cycle dans la pratique professionnelle, telles que d\u00e9finies par le cadre de certifications mexicain et europ\u00e9en (MMC, EQF), niveau 7 (ma\u00eetrise) et niveau 8 (doctorat). Les \u00e9tudes environnementales offrent un espace de pens\u00e9e critique et d\u2019enqu\u00eate engag\u00e9e au sein et au-del\u00e0 des fronti\u00e8res disciplinaires et professionnelles conventionnelles.<\/p>\n<p style=\"text-align: justify;\">Le dipl\u00f4me d&#039;\u00e9tudes environnementales de l&#039;Universit\u00e9 Azteca est un dipl\u00f4me de troisi\u00e8me cycle d\u00e9livr\u00e9 dans diverses disciplines et concentrations, interdisciplinaire et tendant \u00e0 r\u00e9pondre aux besoins des professionnels plut\u00f4t qu&#039;aux universitaires et adapt\u00e9 \u00e0 des groupes sp\u00e9cifiques de professionnels en activit\u00e9 ayant des besoins bien d\u00e9finis en mati\u00e8re de cours avanc\u00e9s. , mener des projets et r\u00e9diger des articles en combinaison avec la recherche des \u00e9tudiants pour le dipl\u00f4me de recherche individuelle avanc\u00e9e.<\/p>\n<p style=\"text-align: justify;\">Ces programmes d&#039;\u00e9tudes offrent des horaires flexibles avec un programme diversifi\u00e9 centr\u00e9 sur une formation technique et pratique, les \u00e9tudiants sont aid\u00e9s \u00e0 d\u00e9velopper des comp\u00e9tences dans la connaissance et l&#039;application de la mati\u00e8re, ce qui leur permettra de travailler efficacement dans la vari\u00e9t\u00e9 de contextes qu&#039;ils rencontreront au cours de leur carri\u00e8re.<\/p>\n<h4 style=\"text-align: justify;\">TYPE ET CHARGE DE TRAVAIL DU PROGRAMME<\/h4>\n<p style=\"text-align: justify;\">TYPE\u00a0: Prix interne de l&#039;Universit\u00e9 Azteca, programme propre \u00e0 l&#039;universit\u00e9 selon. Art. 59 Loi g\u00e9n\u00e9rale de l&#039;\u00e9ducation.<br \/>\nNIVEAU\u00a0: Troisi\u00e8me cycle, niveau 8, prix propre de l&#039;universit\u00e9 MMC.<br \/>\nCHARGE DE TRAVAIL\u00a0: 180 ECTS<\/p>\n<h4 style=\"text-align: justify;\">PRIX UNIVERSIT\u00c9 ET GROUPE CIBLE<\/h4>\n<p style=\"text-align: justify;\"><strong>UNIVERSIT\u00c9 R\u00c9COMPENS\u00c9E\u00a0:<\/strong> Universit\u00e9 Azteca, Chalco, Mexique.<\/p>\n<p style=\"text-align: justify;\"><strong>D\u00c9PARTEMENT UNIVERSITAIRE EN EUROPE\u00a0:<\/strong> Programmes europ\u00e9ens de l\u2019Universit\u00e9 Azteca.<\/p>\n<p style=\"text-align: justify;\"><strong>GROUPE CIBL\u00c9:<\/strong> Les doctorants int\u00e9ress\u00e9s par le transfert de cr\u00e9dits depuis des \u00e9tudes doctorales ou des cours EQF de niveau 8 dans l&#039;une des disciplines suivantes vers l&#039;Universidad Azteca poursuivant l&#039;ach\u00e8vement du programme de doctorat par une th\u00e8se \/ un examen de doctorat professionnel.<\/p>\n<p style=\"text-align: justify;\"><strong>SP\u00c9CIALISATION:<\/strong> \u00c9tudes avanc\u00e9es au niveau 8 MMC (EQF)<\/p>\n<p style=\"text-align: justify;\"><strong>DISCIPLINES\u00a0: <\/strong><\/p>\n<ul style=\"text-align: justify;\">\n<li>Politique environnementale<\/li>\n<li>Technologie de l&#039;environnement<\/li>\n<li>Gestion de l&#039;environnement<\/li>\n<li>Sciences de l&#039;environnement<\/li>\n<\/ul>\n<p style=\"text-align: justify;\"><strong>LANGUE D&#039;\u00c9TUDE\u00a0:<\/strong> Anglais, allemand, espagnol<\/p>\n<p style=\"text-align: justify;\"><strong>CONDITION D&#039;ADMISSION\u00a0:<\/strong> Master ou dipl\u00f4me \u00e9quivalent et cours ou qualifications de troisi\u00e8me cycle pour le transfert de cr\u00e9dits au programme ou \u00e0 l&#039;exp\u00e9rience de recherche.<\/p>\n<h4 style=\"text-align: justify;\">\u00c9quipe de modalit\u00e9s et de cours<\/h4>\n<p style=\"text-align: justify;\"><strong>MODALIT\u00c9:<\/strong> Modalit\u00e9 d\u2019apprentissage en ligne et d\u2019enseignement \u00e0 distance.<br \/>\n<strong>\u00c9QUIPE DE COURS\u00a0:<\/strong> Professeur Dr Gerhard Berchtold, Professeur Dr Friedrich Luhan, Professeur Dr Ricardo Saavedra Hidalgo, Professeur Dr Felipe Fern\u00e1ndez Rivadulla, Professeur Dr Endler.<\/p>\n<h4 style=\"text-align: justify;\">Plan d&#039;\u00e9tude<\/h4>\n<table border=\"1\" width=\"100%\">\n<tbody>\n<tr>\n<td bgcolor=\"#C0C0C0\"><b>Cr\u00e9dits de transfert \u2013 Cours au choix<\/b><\/td>\n<td bgcolor=\"#C0C0C0\"><b>Mode d&#039;essai<\/b><\/td>\n<td bgcolor=\"#C0C0C0\"><b>ECTS<\/b><\/td>\n<\/tr>\n<tr>\n<td>Environnement et d\u00e9veloppement<\/td>\n<td>Dissertation<\/td>\n<td>6<\/td>\n<\/tr>\n<tr>\n<td>Politique environnementale internationale \u2013 PNUE et trait\u00e9s<\/td>\n<td>Dissertation<\/td>\n<td>6<\/td>\n<\/tr>\n<tr>\n<td>Domaines de politique environnementale de l\u2019UE et EEE<\/td>\n<td>Dissertation<\/td>\n<td>6<\/td>\n<\/tr>\n<tr>\n<td>Management Environnemental ISO 14001 &amp; EMAS<\/td>\n<td>Dissertation<\/td>\n<td>6<\/td>\n<\/tr>\n<tr>\n<td>La gestion des d\u00e9chets<\/td>\n<td>Dissertation<\/td>\n<td>6<\/td>\n<\/tr>\n<tr>\n<td>Gestion de l&#039;eau<\/td>\n<td>Dissertation<\/td>\n<td>6<\/td>\n<\/tr>\n<tr>\n<td>Gestion des terres, urbanisme et zonage<\/td>\n<td>Dissertation<\/td>\n<td>6<\/td>\n<\/tr>\n<tr>\n<td>Production propre et technologies propres<\/td>\n<td>Dissertation<\/td>\n<td>6<\/td>\n<\/tr>\n<tr>\n<td>R\u00e9chauffement climatique et changement climatique<\/td>\n<td>Dissertation<\/td>\n<td>6<\/td>\n<\/tr>\n<tr>\n<td>Gestion de l&#039;\u00e9nergie<\/td>\n<td>Dissertation<\/td>\n<td>6<\/td>\n<\/tr>\n<tr>\n<td>Gestion marine et pollution<\/td>\n<td>Dissertation<\/td>\n<td>6<\/td>\n<\/tr>\n<tr>\n<td>Cours au choix du programme de doctorat de l&#039;Universit\u00e9 Azteca<\/td>\n<td>Affectation \/ Transfert de cr\u00e9dits<\/td>\n<td>36<\/td>\n<\/tr>\n<tr>\n<td bgcolor=\"#C0C0C0\"><b>Module scientifique obligatoire <\/b><\/td>\n<td bgcolor=\"#C0C0C0\"><b>Mode d&#039;essai<\/b><\/td>\n<td bgcolor=\"#C0C0C0\"><b>ECTS<\/b><\/td>\n<\/tr>\n<tr>\n<td>Projet de recherche<\/td>\n<td>Pr\u00e9sentation<\/td>\n<td>18<\/td>\n<\/tr>\n<tr>\n<td bgcolor=\"#C0C0C0\"><b>Th\u00e8se \/ Examen Rigorosum <\/b><\/td>\n<td bgcolor=\"#C0C0C0\"><b>Mode d&#039;essai<\/b><\/td>\n<td bgcolor=\"#C0C0C0\"><b>ECTS<\/b><\/td>\n<\/tr>\n<tr>\n<td>Th\u00e8se de sp\u00e9cialisation (majeure)<\/td>\n<td>Pr\u00e9sentation et soutenance \u00e9crite de la th\u00e8se<\/td>\n<td>60<\/td>\n<\/tr>\n<tr>\n<td bgcolor=\"#C0C0C0\"><b>CHARGE DE TRAVAIL<\/b><\/td>\n<td bgcolor=\"#C0C0C0\"><b>Mode d&#039;essai<\/b><\/td>\n<td bgcolor=\"#C0C0C0\"><b>ECTS<\/b><\/td>\n<\/tr>\n<tr>\n<td>ECTS<\/td>\n<td>D\u00e9fense \/ Rigorosum<\/td>\n<td>180<\/td>\n<\/tr>\n<\/tbody>\n<\/table>\n<p style=\"text-align: justify;\">","protected":false},"excerpt":{"rendered":"<p>What Is an Environmental Studies Degree? Environmental Studies may be right for you. An Environmental Studies concentration is a special interdisciplinary major designed by an individual student in a unique programme. Environmental studies is a multidisciplinary academic field systematically studying human interaction with the environment aiming at the solution of complex problems. Environmental studies integrates [&hellip;]<\/p>\n","protected":false},"author":1,"featured_media":0,"parent":24845,"menu_order":0,"comment_status":"closed","ping_status":"closed","template":"","meta":{"_acf_changed":false,"site-sidebar-layout":"default","site-content-layout":"","ast-site-content-layout":"default","site-content-style":"default","site-sidebar-style":"default","ast-global-header-display":"","ast-banner-title-visibility":"","ast-main-header-display":"","ast-hfb-above-header-display":"","ast-hfb-below-header-display":"","ast-hfb-mobile-header-display":"","site-post-title":"","ast-breadcrumbs-content":"","ast-featured-img":"","footer-sml-layout":"","ast-disable-related-posts":"","theme-transparent-header-meta":"","adv-header-id-meta":"","stick-header-meta":"","header-above-stick-meta":"","header-main-stick-meta":"","header-below-stick-meta":"","astra-migrate-meta-layouts":"default","ast-page-background-enabled":"default","ast-page-background-meta":{"desktop":{"background-color":"var(--ast-global-color-4)","background-image":"","background-repeat":"repeat","background-position":"center center","background-size":"auto","background-attachment":"scroll","background-type":"","background-media":"","overlay-type":"","overlay-color":"","overlay-opacity":"","overlay-gradient":""},"tablet":{"background-color":"","background-image":"","background-repeat":"repeat","background-position":"center center","background-size":"auto","background-attachment":"scroll","background-type":"","background-media":"","overlay-type":"","overlay-color":"","overlay-opacity":"","overlay-gradient":""},"mobile":{"background-color":"","background-image":"","background-repeat":"repeat","background-position":"center center","background-size":"auto","background-attachment":"scroll","background-type":"","background-media":"","overlay-type":"","overlay-color":"","overlay-opacity":"","overlay-gradient":""}},"ast-content-background-meta":{"desktop":{"background-color":"var(--ast-global-color-5)","background-image":"","background-repeat":"repeat","background-position":"center center","background-size":"auto","background-attachment":"scroll","background-type":"","background-media":"","overlay-type":"","overlay-color":"","overlay-opacity":"","overlay-gradient":""},"tablet":{"background-color":"var(--ast-global-color-5)","background-image":"","background-repeat":"repeat","background-position":"center center","background-size":"auto","background-attachment":"scroll","background-type":"","background-media":"","overlay-type":"","overlay-color":"","overlay-opacity":"","overlay-gradient":""},"mobile":{"background-color":"var(--ast-global-color-5)","background-image":"","background-repeat":"repeat","background-position":"center center","background-size":"auto","background-attachment":"scroll","background-type":"","background-media":"","overlay-type":"","overlay-color":"","overlay-opacity":"","overlay-gradient":""}},"footnotes":""},"class_list":["post-24853","page","type-page","status-publish","hentry"],"acf":[],"yoast_head":"<!-- This site is optimized with the Yoast SEO Premium plugin v27.4 (Yoast SEO v27.4) - https:\/\/yoast.com\/product\/yoast-seo-premium-wordpress\/ -->\n<title>Dr. Univ. in Environmental Studies - Institut Avrio de Gen\u00e8ve<\/title>\n<meta name=\"description\" content=\"What Is an Environmental Studies Degree? Environmental Studies may be right for you. An Environmental Studies concentration is a special interdisciplinary\" \/>\n<meta name=\"robots\" content=\"index, follow, max-snippet:-1, max-image-preview:large, max-video-preview:-1\" \/>\n<link rel=\"canonical\" href=\"https:\/\/www.avrio.ch\/fr\/usc\/universite-azteque\/docteur-de-luniversite-en-etudes-environnementales\/\" \/>\n<meta property=\"og:locale\" content=\"fr_FR\" \/>\n<meta property=\"og:type\" content=\"article\" \/>\n<meta property=\"og:title\" content=\"Dr. Univ. in Environmental Studies\" \/>\n<meta property=\"og:description\" content=\"What Is an Environmental Studies Degree? Environmental Studies may be right for you. An Environmental Studies concentration is a special interdisciplinary\" \/>\n<meta property=\"og:url\" content=\"https:\/\/www.avrio.ch\/fr\/usc\/universite-azteque\/docteur-de-luniversite-en-etudes-environnementales\/\" \/>\n<meta property=\"og:site_name\" content=\"Institut Avrio de Gen\u00e8ve\" \/>\n<meta property=\"article:publisher\" content=\"https:\/\/www.facebook.com\/institutavriodegeneve\/\" \/>\n<meta property=\"article:modified_time\" content=\"2023-08-21T10:49:59+00:00\" \/>\n<meta property=\"og:image\" content=\"https:\/\/www.avrio.ch\/v23\/wp-content\/uploads\/2020\/06\/logo-2.png\" \/>\n\t<meta property=\"og:image:width\" content=\"600\" \/>\n\t<meta property=\"og:image:height\" content=\"224\" \/>\n\t<meta property=\"og:image:type\" content=\"image\/png\" \/>\n<meta name=\"twitter:card\" content=\"summary_large_image\" \/>\n<meta name=\"twitter:site\" content=\"@AvrioDeGeneve\" \/>\n<meta name=\"twitter:label1\" content=\"Dur\u00e9e de lecture estim\u00e9e\" \/>\n\t<meta name=\"twitter:data1\" content=\"3 minutes\" \/>\n<script type=\"application\/ld+json\" class=\"yoast-schema-graph\">{\"@context\":\"https:\\\/\\\/schema.org\",\"@graph\":[{\"@type\":\"WebPage\",\"@id\":\"https:\\\/\\\/www.avrio.ch\\\/usc\\\/azteca-university\\\/doctor-of-the-university-in-environmental-studies\\\/\",\"url\":\"https:\\\/\\\/www.avrio.ch\\\/usc\\\/azteca-university\\\/doctor-of-the-university-in-environmental-studies\\\/\",\"name\":\"Dr. Univ. in Environmental Studies - Institut Avrio de Gen\u00e8ve\",\"isPartOf\":{\"@id\":\"https:\\\/\\\/www.avrio.ch\\\/#website\"},\"datePublished\":\"2021-12-17T17:45:13+00:00\",\"dateModified\":\"2023-08-21T10:49:59+00:00\",\"description\":\"What Is an Environmental Studies Degree? Environmental Studies may be right for you. An Environmental Studies concentration is a special interdisciplinary\",\"breadcrumb\":{\"@id\":\"https:\\\/\\\/www.avrio.ch\\\/usc\\\/azteca-university\\\/doctor-of-the-university-in-environmental-studies\\\/#breadcrumb\"},\"inLanguage\":\"fr-FR\",\"potentialAction\":[{\"@type\":\"ReadAction\",\"target\":[\"https:\\\/\\\/www.avrio.ch\\\/usc\\\/azteca-university\\\/doctor-of-the-university-in-environmental-studies\\\/\"]}]},{\"@type\":\"BreadcrumbList\",\"@id\":\"https:\\\/\\\/www.avrio.ch\\\/usc\\\/azteca-university\\\/doctor-of-the-university-in-environmental-studies\\\/#breadcrumb\",\"itemListElement\":[{\"@type\":\"ListItem\",\"position\":1,\"name\":\"Home\",\"item\":\"https:\\\/\\\/www.avrio.ch\\\/\"},{\"@type\":\"ListItem\",\"position\":2,\"name\":\"Universities Studies Center\",\"item\":\"https:\\\/\\\/www.avrio.ch\\\/usc\\\/\"},{\"@type\":\"ListItem\",\"position\":3,\"name\":\"Azteca University\",\"item\":\"https:\\\/\\\/www.avrio.ch\\\/usc\\\/azteca-university\\\/\"},{\"@type\":\"ListItem\",\"position\":4,\"name\":\"Dr. Univ. in Environmental Studies\"}]},{\"@type\":\"WebSite\",\"@id\":\"https:\\\/\\\/www.avrio.ch\\\/#website\",\"url\":\"https:\\\/\\\/www.avrio.ch\\\/\",\"name\":\"Institut Avrio de Gen\u00e8ve\",\"description\":\"Online Business Management &amp; Information Technology Institute\",\"publisher\":{\"@id\":\"https:\\\/\\\/www.avrio.ch\\\/#organization\"},\"alternateName\":\"Avrio Institute\",\"potentialAction\":[{\"@type\":\"SearchAction\",\"target\":{\"@type\":\"EntryPoint\",\"urlTemplate\":\"https:\\\/\\\/www.avrio.ch\\\/?s={search_term_string}\"},\"query-input\":{\"@type\":\"PropertyValueSpecification\",\"valueRequired\":true,\"valueName\":\"search_term_string\"}}],\"inLanguage\":\"fr-FR\"},{\"@type\":[\"Organization\",\"Place\",\"CollegeOrUniversity\"],\"@id\":\"https:\\\/\\\/www.avrio.ch\\\/#organization\",\"name\":\"Institut Avrio de Gen\u00e8ve\",\"alternateName\":\"Avrio Institute\",\"url\":\"https:\\\/\\\/www.avrio.ch\\\/\",\"logo\":{\"@id\":\"https:\\\/\\\/www.avrio.ch\\\/usc\\\/azteca-university\\\/doctor-of-the-university-in-environmental-studies\\\/#local-main-organization-logo\"},\"image\":{\"@id\":\"https:\\\/\\\/www.avrio.ch\\\/usc\\\/azteca-university\\\/doctor-of-the-university-in-environmental-studies\\\/#local-main-organization-logo\"},\"sameAs\":[\"https:\\\/\\\/www.facebook.com\\\/institutavriodegeneve\\\/\",\"https:\\\/\\\/x.com\\\/AvrioDeGeneve\",\"https:\\\/\\\/www.instagram.com\\\/institutavriodegeneve\\\/\",\"https:\\\/\\\/www.linkedin.com\\\/in\\\/avrio-de-geneve-024392194\\\/\",\"https:\\\/\\\/www.youtube.com\\\/channel\\\/UCPP2orNhGglhisZlldUbnkQ\"],\"address\":{\"@id\":\"https:\\\/\\\/www.avrio.ch\\\/usc\\\/azteca-university\\\/doctor-of-the-university-in-environmental-studies\\\/#local-main-place-address\"},\"telephone\":[\"+41794642989\"],\"openingHoursSpecification\":[{\"@type\":\"OpeningHoursSpecification\",\"dayOfWeek\":[\"Sunday\",\"Wednesday\",\"Saturday\"],\"opens\":\"00:00\",\"closes\":\"00:00\"},{\"@type\":\"OpeningHoursSpecification\",\"dayOfWeek\":[\"Monday\",\"Tuesday\",\"Thursday\",\"Friday\"],\"opens\":\"09:00\",\"closes\":\"11:00\"}],\"email\":\"info@avrio.ch\"},{\"@type\":\"PostalAddress\",\"@id\":\"https:\\\/\\\/www.avrio.ch\\\/usc\\\/azteca-university\\\/doctor-of-the-university-in-environmental-studies\\\/#local-main-place-address\",\"streetAddress\":\"Rue de la Cit\u00e9 1\",\"addressLocality\":\"Geneva\",\"postalCode\":\"1204\",\"addressRegion\":\"Geneva\",\"addressCountry\":\"CH\"},{\"@type\":\"ImageObject\",\"inLanguage\":\"fr-FR\",\"@id\":\"https:\\\/\\\/www.avrio.ch\\\/usc\\\/azteca-university\\\/doctor-of-the-university-in-environmental-studies\\\/#local-main-organization-logo\",\"url\":\"https:\\\/\\\/www.avrio.ch\\\/v23\\\/wp-content\\\/uploads\\\/2020\\\/04\\\/logo-new-img-1.png\",\"contentUrl\":\"https:\\\/\\\/www.avrio.ch\\\/v23\\\/wp-content\\\/uploads\\\/2020\\\/04\\\/logo-new-img-1.png\",\"width\":539,\"height\":600,\"caption\":\"Institut Avrio de Gen\u00e8ve\"}]}<\/script>\n<meta name=\"geo.placename\" content=\"Geneva\" \/>\n<meta name=\"geo.region\" content=\"Suisse\" \/>\n<!-- \/ Yoast SEO Premium plugin. -->","yoast_head_json":{"title":"Dr Univ. en \u00e9tudes environnementales - Institut Avrio de Gen\u00e8ve","description":"Qu&#039;est-ce qu&#039;un dipl\u00f4me en \u00e9tudes environnementales ? Les \u00e9tudes environnementales pourraient vous convenir. Une concentration en \u00e9tudes environnementales est une sp\u00e9cialisation interdisciplinaire","robots":{"index":"index","follow":"follow","max-snippet":"max-snippet:-1","max-image-preview":"max-image-preview:large","max-video-preview":"max-video-preview:-1"},"canonical":"https:\/\/www.avrio.ch\/fr\/usc\/universite-azteque\/docteur-de-luniversite-en-etudes-environnementales\/","og_locale":"fr_FR","og_type":"article","og_title":"Dr. Univ. in Environmental Studies","og_description":"What Is an Environmental Studies Degree? Environmental Studies may be right for you. An Environmental Studies concentration is a special interdisciplinary","og_url":"https:\/\/www.avrio.ch\/fr\/usc\/universite-azteque\/docteur-de-luniversite-en-etudes-environnementales\/","og_site_name":"Institut Avrio de Gen\u00e8ve","article_publisher":"https:\/\/www.facebook.com\/institutavriodegeneve\/","article_modified_time":"2023-08-21T10:49:59+00:00","og_image":[{"width":600,"height":224,"url":"https:\/\/www.avrio.ch\/v23\/wp-content\/uploads\/2020\/06\/logo-2.png","type":"image\/png"}],"twitter_card":"summary_large_image","twitter_site":"@AvrioDeGeneve","twitter_misc":{"Dur\u00e9e de lecture estim\u00e9e":"3 minutes"},"schema":{"@context":"https:\/\/schema.org","@graph":[{"@type":"WebPage","@id":"https:\/\/www.avrio.ch\/usc\/azteca-university\/doctor-of-the-university-in-environmental-studies\/","url":"https:\/\/www.avrio.ch\/usc\/azteca-university\/doctor-of-the-university-in-environmental-studies\/","name":"Dr Univ. en \u00e9tudes environnementales - Institut Avrio de Gen\u00e8ve","isPartOf":{"@id":"https:\/\/www.avrio.ch\/#website"},"datePublished":"2021-12-17T17:45:13+00:00","dateModified":"2023-08-21T10:49:59+00:00","description":"Qu&#039;est-ce qu&#039;un dipl\u00f4me en \u00e9tudes environnementales ? Les \u00e9tudes environnementales pourraient vous convenir. Une concentration en \u00e9tudes environnementales est une sp\u00e9cialisation interdisciplinaire","breadcrumb":{"@id":"https:\/\/www.avrio.ch\/usc\/azteca-university\/doctor-of-the-university-in-environmental-studies\/#breadcrumb"},"inLanguage":"fr-FR","potentialAction":[{"@type":"ReadAction","target":["https:\/\/www.avrio.ch\/usc\/azteca-university\/doctor-of-the-university-in-environmental-studies\/"]}]},{"@type":"BreadcrumbList","@id":"https:\/\/www.avrio.ch\/usc\/azteca-university\/doctor-of-the-university-in-environmental-studies\/#breadcrumb","itemListElement":[{"@type":"ListItem","position":1,"name":"Home","item":"https:\/\/www.avrio.ch\/"},{"@type":"ListItem","position":2,"name":"Universities Studies Center","item":"https:\/\/www.avrio.ch\/usc\/"},{"@type":"ListItem","position":3,"name":"Azteca University","item":"https:\/\/www.avrio.ch\/usc\/azteca-university\/"},{"@type":"ListItem","position":4,"name":"Dr. Univ. in Environmental Studies"}]},{"@type":"WebSite","@id":"https:\/\/www.avrio.ch\/#website","url":"https:\/\/www.avrio.ch\/","name":"Institut Avrio de Gen\u00e8ve","description":"Institut de gestion des affaires en ligne et de technologie de l&#039;information","publisher":{"@id":"https:\/\/www.avrio.ch\/#organization"},"alternateName":"Avrio Institute","potentialAction":[{"@type":"SearchAction","target":{"@type":"EntryPoint","urlTemplate":"https:\/\/www.avrio.ch\/?s={search_term_string}"},"query-input":{"@type":"PropertyValueSpecification","valueRequired":true,"valueName":"search_term_string"}}],"inLanguage":"fr-FR"},{"@type":["Organization","Place","CollegeOrUniversity"],"@id":"https:\/\/www.avrio.ch\/#organization","name":"Institut Avrio de Gen\u00e8ve","alternateName":"Avrio Institute","url":"https:\/\/www.avrio.ch\/","logo":{"@id":"https:\/\/www.avrio.ch\/usc\/azteca-university\/doctor-of-the-university-in-environmental-studies\/#local-main-organization-logo"},"image":{"@id":"https:\/\/www.avrio.ch\/usc\/azteca-university\/doctor-of-the-university-in-environmental-studies\/#local-main-organization-logo"},"sameAs":["https:\/\/www.facebook.com\/institutavriodegeneve\/","https:\/\/x.com\/AvrioDeGeneve","https:\/\/www.instagram.com\/institutavriodegeneve\/","https:\/\/www.linkedin.com\/in\/avrio-de-geneve-024392194\/","https:\/\/www.youtube.com\/channel\/UCPP2orNhGglhisZlldUbnkQ"],"address":{"@id":"https:\/\/www.avrio.ch\/usc\/azteca-university\/doctor-of-the-university-in-environmental-studies\/#local-main-place-address"},"telephone":["+41794642989"],"openingHoursSpecification":[{"@type":"OpeningHoursSpecification","dayOfWeek":["Sunday","Wednesday","Saturday"],"opens":"00:00","closes":"00:00"},{"@type":"OpeningHoursSpecification","dayOfWeek":["Monday","Tuesday","Thursday","Friday"],"opens":"09:00","closes":"11:00"}],"email":"info@avrio.ch"},{"@type":"PostalAddress","@id":"https:\/\/www.avrio.ch\/usc\/azteca-university\/doctor-of-the-university-in-environmental-studies\/#local-main-place-address","streetAddress":"Rue de la Cit\u00e9 1","addressLocality":"Geneva","postalCode":"1204","addressRegion":"Geneva","addressCountry":"CH"},{"@type":"ImageObject","inLanguage":"fr-FR","@id":"https:\/\/www.avrio.ch\/usc\/azteca-university\/doctor-of-the-university-in-environmental-studies\/#local-main-organization-logo","url":"https:\/\/www.avrio.ch\/v23\/wp-content\/uploads\/2020\/04\/logo-new-img-1.png","contentUrl":"https:\/\/www.avrio.ch\/v23\/wp-content\/uploads\/2020\/04\/logo-new-img-1.png","width":539,"height":600,"caption":"Institut Avrio de Gen\u00e8ve"}]},"geo.placename":"Geneva","geo.region":"Suisse"},"_links":{"self":[{"href":"https:\/\/www.avrio.ch\/fr\/wp-json\/wp\/v2\/pages\/24853","targetHints":{"allow":["GET"]}}],"collection":[{"href":"https:\/\/www.avrio.ch\/fr\/wp-json\/wp\/v2\/pages"}],"about":[{"href":"https:\/\/www.avrio.ch\/fr\/wp-json\/wp\/v2\/types\/page"}],"author":[{"embeddable":true,"href":"https:\/\/www.avrio.ch\/fr\/wp-json\/wp\/v2\/users\/1"}],"replies":[{"embeddable":true,"href":"https:\/\/www.avrio.ch\/fr\/wp-json\/wp\/v2\/comments?post=24853"}],"version-history":[{"count":0,"href":"https:\/\/www.avrio.ch\/fr\/wp-json\/wp\/v2\/pages\/24853\/revisions"}],"up":[{"embeddable":true,"href":"https:\/\/www.avrio.ch\/fr\/wp-json\/wp\/v2\/pages\/24845"}],"wp:attachment":[{"href":"https:\/\/www.avrio.ch\/fr\/wp-json\/wp\/v2\/media?parent=24853"}],"curies":[{"name":"wp","href":"https:\/\/api.w.org\/{rel}","templated":true}]}}