{"id":28033,"date":"2023-09-06T02:39:51","date_gmt":"2023-09-06T00:39:51","guid":{"rendered":"https:\/\/www.avrio.ch\/?page_id=28033"},"modified":"2023-09-09T00:57:31","modified_gmt":"2023-09-08T22:57:31","slug":"maestro","status":"publish","type":"page","link":"https:\/\/www.avrio.ch\/es\/discover\/intakes-exams-and-timetable\/information-technology\/master\/","title":{"rendered":"Programa de Maestr\u00eda en TI, Admisiones y Ex\u00e1menes"},"content":{"rendered":"<div data-elementor-type=\"wp-page\" data-elementor-id=\"28033\" class=\"elementor elementor-28033\" data-elementor-post-type=\"page\">\n\t\t\t\t<div class=\"elementor-element elementor-element-5b7c7ac e-flex e-con-boxed e-con e-parent\" data-id=\"5b7c7ac\" data-element_type=\"container\" data-e-type=\"container\" data-settings=\"{&quot;jet_parallax_layout_list&quot;:[]}\">\n\t\t\t\t\t<div class=\"e-con-inner\">\n\t\t<div class=\"elementor-element elementor-element-6562dfa e-flex e-con-boxed e-con e-child\" data-id=\"6562dfa\" data-element_type=\"container\" data-e-type=\"container\" data-settings=\"{&quot;jet_parallax_layout_list&quot;:[]}\">\n\t\t\t\t\t<div class=\"e-con-inner\">\n\t\t\t\t<div class=\"elementor-element elementor-element-7a8e328 elementor-widget-divider--view-line_icon elementor-widget-divider--element-align-right elementor-widget__width-initial elementor-view-default elementor-widget elementor-widget-divider\" data-id=\"7a8e328\" data-element_type=\"widget\" data-e-type=\"widget\" data-widget_type=\"divider.default\">\n\t\t\t\t<div class=\"elementor-widget-container\">\n\t\t\t\t\t\t\t<div class=\"elementor-divider\">\n\t\t\t<span class=\"elementor-divider-separator\">\n\t\t\t\t\t\t\t<div class=\"elementor-icon elementor-divider__element\">\n\t\t\t\t\t<svg aria-hidden=\"true\" class=\"e-font-icon-svg e-fas-angle-double-left\" viewbox=\"0 0 448 512\" xmlns=\"http:\/\/www.w3.org\/2000\/svg\"><path d=\"M223.7 239l136-136c9.4-9.4 24.6-9.4 33.9 0l22.6 22.6c9.4 9.4 9.4 24.6 0 33.9L319.9 256l96.4 96.4c9.4 9.4 9.4 24.6 0 33.9L393.7 409c-9.4 9.4-24.6 9.4-33.9 0l-136-136c-9.5-9.4-9.5-24.6-.1-34zm-192 34l136 136c9.4 9.4 24.6 9.4 33.9 0l22.6-22.6c9.4-9.4 9.4-24.6 0-33.9L127.9 256l96.4-96.4c9.4-9.4 9.4-24.6 0-33.9L201.7 103c-9.4-9.4-24.6-9.4-33.9 0l-136 136c-9.5 9.4-9.5 24.6-.1 34z\"><\/path><\/svg><\/div>\n\t\t\t\t\t\t<\/span>\n\t\t<\/div>\n\t\t\t\t\t\t<\/div>\n\t\t\t\t<\/div>\n\t\t\t\t<div class=\"elementor-element elementor-element-eb3749e elementor-widget elementor-widget-heading\" data-id=\"eb3749e\" data-element_type=\"widget\" data-e-type=\"widget\" data-widget_type=\"heading.default\">\n\t\t\t\t<div class=\"elementor-widget-container\">\n\t\t\t\t\t<h1 class=\"elementor-heading-title elementor-size-default\"><a href=\"https:\/\/www.avrio.ch\/es\/discover\/intakes-exams-and-timetable\/information-technology\/master\/\">Programa de Maestr\u00eda en TI, Admisiones y Ex\u00e1menes<\/a><\/h1>\t\t\t\t<\/div>\n\t\t\t\t<\/div>\n\t\t\t\t<div class=\"elementor-element elementor-element-f93b18d elementor-widget-divider--view-line_icon elementor-widget-divider--element-align-left elementor-widget__width-initial elementor-view-default elementor-widget elementor-widget-divider\" data-id=\"f93b18d\" data-element_type=\"widget\" data-e-type=\"widget\" data-widget_type=\"divider.default\">\n\t\t\t\t<div class=\"elementor-widget-container\">\n\t\t\t\t\t\t\t<div class=\"elementor-divider\">\n\t\t\t<span class=\"elementor-divider-separator\">\n\t\t\t\t\t\t\t<div class=\"elementor-icon elementor-divider__element\">\n\t\t\t\t\t<svg aria-hidden=\"true\" class=\"e-font-icon-svg e-fas-angle-double-right\" viewbox=\"0 0 448 512\" xmlns=\"http:\/\/www.w3.org\/2000\/svg\"><path d=\"M224.3 273l-136 136c-9.4 9.4-24.6 9.4-33.9 0l-22.6-22.6c-9.4-9.4-9.4-24.6 0-33.9l96.4-96.4-96.4-96.4c-9.4-9.4-9.4-24.6 0-33.9L54.3 103c9.4-9.4 24.6-9.4 33.9 0l136 136c9.5 9.4 9.5 24.6.1 34zm192-34l-136-136c-9.4-9.4-24.6-9.4-33.9 0l-22.6 22.6c-9.4 9.4-9.4 24.6 0 33.9l96.4 96.4-96.4 96.4c-9.4 9.4-9.4 24.6 0 33.9l22.6 22.6c9.4 9.4 24.6 9.4 33.9 0l136-136c9.4-9.2 9.4-24.4 0-33.8z\"><\/path><\/svg><\/div>\n\t\t\t\t\t\t<\/span>\n\t\t<\/div>\n\t\t\t\t\t\t<\/div>\n\t\t\t\t<\/div>\n\t\t\t\t\t<\/div>\n\t\t\t\t<\/div>\n\t\t\t\t\t<\/div>\n\t\t\t\t<\/div>\n\t\t<div class=\"elementor-element elementor-element-eedb4df e-flex e-con-boxed e-con e-parent\" data-id=\"eedb4df\" data-element_type=\"container\" data-e-type=\"container\" data-settings=\"{&quot;jet_parallax_layout_list&quot;:[]}\">\n\t\t\t\t\t<div class=\"e-con-inner\">\n\t\t<div class=\"elementor-element elementor-element-e029257 e-con-full e-flex e-con e-child\" data-id=\"e029257\" data-element_type=\"container\" data-e-type=\"container\" data-settings=\"{&quot;jet_parallax_layout_list&quot;:[]}\">\n\t\t\t\t<div class=\"elementor-element elementor-element-4924b48 timetable elementor-widget elementor-widget-text-editor\" data-id=\"4924b48\" data-element_type=\"widget\" data-e-type=\"widget\" data-widget_type=\"text-editor.default\">\n\t\t\t\t<div class=\"elementor-widget-container\">\n\t\t\t\t\t\t\t\t\t<table><tbody><tr><th colspan=\"2\">Las semanas de estudio<\/th><th>Nuevo comienzo<\/th><th>M\u00f3dulos del programa<\/th><th>Ex\u00e1menes<\/th><\/tr><tr class=\"intake\"><td>oct\/01<\/td><td>oct\/07<\/td><td colspan=\"3\">Ingesta de octubre<\/td><\/tr><tr><td>oct\/08<\/td><td>14\/oct<\/td><td colspan=\"3\" rowspan=\"3\">1er M\u00f3dulo<\/td><\/tr><tr><td>15\/oct<\/td><td>21\/oct<\/td><\/tr><tr><td>22\/oct<\/td><td>28\/oct<\/td><\/tr><tr><td>01\/11<\/td><td>nov\/07<\/td><td colspan=\"3\" rowspan=\"3\">2do M\u00f3dulo<\/td><\/tr><tr><td>nov\/08<\/td><td>14\/nov<\/td><\/tr><tr><td>Noviembre 15<\/td><td>21\/nov<\/td><\/tr><tr class=\"exam\"><td>22\/nov<\/td><td>28\/nov<\/td><td colspan=\"3\">examen de noviembre<\/td><\/tr><tr><td>Dic\/01<\/td><td>Dic\/07<\/td><td class=\"noexam\" style=\"background-color: #fcfcfc;\" colspan=\"3\" rowspan=\"3\">Sin admisi\u00f3n - Sin ex\u00e1menes<\/td><\/tr><tr><td>Dic\/08<\/td><td>dic\/14<\/td><\/tr><tr><td>dic\/15<\/td><td>dic\/21<\/td><\/tr><tr class=\"intake\"><td>Ene\/01<\/td><td>Ene\/07<\/td><td colspan=\"3\">ingesta de enero<\/td><\/tr><tr><td>Ene\/08<\/td><td>14\/ene<\/td><td colspan=\"3\" rowspan=\"3\">3er M\u00f3dulo<\/td><\/tr><tr><td>15\/ene<\/td><td>21\/ene<\/td><\/tr><tr><td>22\/ene<\/td><td>28\/ene<\/td><\/tr><tr><td>febrero\/01<\/td><td>feb\/07<\/td><td colspan=\"2\" rowspan=\"3\">4to M\u00f3dulo<\/td><td class=\"noexam\" style=\"background-color: #fcfcfc;\" rowspan=\"3\">Sin examen<\/td><\/tr><tr><td>feb\/08<\/td><td>14\/feb<\/td><\/tr><tr><td>15\/feb<\/td><td>feb\/21<\/td><\/tr><tr class=\"exam\"><td>22\/feb<\/td><td>28\/feb<\/td><td colspan=\"3\">examen de febrero<\/td><\/tr><tr class=\"intake\"><td>mar\/01<\/td><td>mar\/07<\/td><td colspan=\"3\">Ingesta de marzo<\/td><\/tr><tr><td>mar\/08<\/td><td>mar\/14<\/td><td colspan=\"3\" rowspan=\"3\">5to M\u00f3dulo<\/td><\/tr><tr><td>mar\/15<\/td><td>mar\/21<\/td><\/tr><tr><td>mar\/22<\/td><td>mar\/28<\/td><\/tr><tr><td>Abr\/01<\/td><td>Abr\/07<\/td><td colspan=\"3\" rowspan=\"3\">6to M\u00f3dulo<\/td><\/tr><tr><td>Abr\/08<\/td><td>14\/abr<\/td><\/tr><tr><td>15\/abr<\/td><td>21\/abr<\/td><\/tr><tr class=\"exam\"><td>22\/abr<\/td><td>28\/abr<\/td><td colspan=\"3\">examen de abril<\/td><\/tr><tr class=\"intake\"><td>mayo\/01<\/td><td>mayo\/07<\/td><td colspan=\"3\">ingesta de mayo<\/td><\/tr><tr><td>mayo\/08<\/td><td>14 de mayo<\/td><td colspan=\"3\" rowspan=\"3\">7mo M\u00f3dulo<\/td><\/tr><tr><td>15 de Mayo<\/td><td>21 de mayo<\/td><\/tr><tr><td>mayo\/22<\/td><td>mayo\/28<\/td><\/tr><tr><td>junio\/01<\/td><td>junio\/07<\/td><td colspan=\"3\" rowspan=\"3\">8vo M\u00f3dulo<\/td><\/tr><tr><td>junio\/08<\/td><td>jun\/14<\/td><\/tr><tr><td>jun\/15<\/td><td>jun\/21<\/td><\/tr><tr class=\"exam\"><td>jun\/22<\/td><td>jun\/28<\/td><td colspan=\"3\">examen de junio<\/td><\/tr><tr><td>julio\/01<\/td><td>julio\/07<\/td><td class=\"noexam\" style=\"background-color: #fcfcfc;\" colspan=\"3\" rowspan=\"4\">Sin admisi\u00f3n - Sin ex\u00e1menes<\/td><\/tr><tr><td>julio\/08<\/td><td>14\/jul<\/td><\/tr><tr><td>15\/jul<\/td><td>21\/jul<\/td><\/tr><tr><td>22\/jul<\/td><td>28\/jul<\/td><\/tr><tr class=\"intake\"><td>Ago\/01<\/td><td>Ago\/07<\/td><td colspan=\"3\">Ingesta de agosto<\/td><\/tr><tr><td>Ago\/08<\/td><td>14\/ago<\/td><td colspan=\"3\" rowspan=\"3\">9\u00ba M\u00f3dulo<\/td><\/tr><tr><td>15\/ago<\/td><td>Ago\/21<\/td><\/tr><tr><td>22\/ago<\/td><td>28\/ago<\/td><\/tr><tr><td>sep\/01<\/td><td>sep\/07<\/td><td colspan=\"3\" rowspan=\"3\">10mo M\u00f3dulo<\/td><\/tr><tr><td>sep\/08<\/td><td>14\/sep<\/td><\/tr><tr><td>15\/sep<\/td><td>21\/sep<\/td><\/tr><tr class=\"exam\"><td>22\/sep<\/td><td>28\/sep<\/td><td colspan=\"3\">examen de septiembre<\/td><\/tr><\/tbody><\/table>\t\t\t\t\t\t\t\t<\/div>\n\t\t\t\t<\/div>\n\t\t\t\t<\/div>\n\t\t<div class=\"elementor-element elementor-element-9674647 e-flex e-con-boxed e-con e-child\" data-id=\"9674647\" data-element_type=\"container\" data-e-type=\"container\" data-settings=\"{&quot;jet_parallax_layout_list&quot;:[]}\">\n\t\t\t\t\t<div class=\"e-con-inner\">\n\t\t\t\t<div class=\"elementor-element elementor-element-99f7d68 elementor-widget elementor-widget-text-editor\" data-id=\"99f7d68\" data-element_type=\"widget\" data-e-type=\"widget\" data-widget_type=\"text-editor.default\">\n\t\t\t\t<div class=\"elementor-widget-container\">\n\t\t\t\t\t\t\t\t\t<p style=\"text-align: justify;\">En las ilustraciones a continuaci\u00f3n, puede encontrar brevemente algunos detalles sobre las admisiones y cu\u00e1ndo se realizan los ex\u00e1menes. Mientras que, en la tabla se puede encontrar informaci\u00f3n detallada sobre estos asuntos.<\/p><p style=\"text-align: justify;\">El estudiante puede matricularse para empezar a estudiar desde cualquiera de las cinco convocatorias que tenemos durante el a\u00f1o, y en casos excepcionales, el estudiante podr\u00e1 empezar en noviembre, febrero, abril, junio o septiembre.<\/p>\t\t\t\t\t\t\t\t<\/div>\n\t\t\t\t<\/div>\n\t\t\t\t\t<\/div>\n\t\t\t\t<\/div>\n\t\t\t\t\t<\/div>\n\t\t\t\t<\/div>\n\t\t\t\t<\/div>","protected":false},"excerpt":{"rendered":"<p>The Study Weeks New Start Program Modules Exams Oct\/01 Oct\/07 Oct Intake Oct\/08 Oct\/14 1st Module Oct\/15 Oct\/21 Oct\/22 Oct\/28 Nov\/01 Nov\/07 2nd Module Nov\/08 Nov\/14 Nov\/15 Nov\/21 Nov\/22 Nov\/28 Nov Exam Dec\/01 Dec\/07 No Intake &#8211; No Exams Dec\/08 Dec\/14 Dec\/15 Dec\/21 Jan\/01 Jan\/07 Jan Intake Jan\/08 Jan\/14 3rd Module Jan\/15 Jan\/21 Jan\/22 Jan\/28 [&hellip;]<\/p>\n","protected":false},"author":1,"featured_media":0,"parent":28013,"menu_order":0,"comment_status":"closed","ping_status":"closed","template":"","meta":{"_acf_changed":false,"site-sidebar-layout":"no-sidebar","site-content-layout":"page-builder","ast-site-content-layout":"full-width-container","site-content-style":"default","site-sidebar-style":"default","ast-global-header-display":"","ast-banner-title-visibility":"","ast-main-header-display":"","ast-hfb-above-header-display":"","ast-hfb-below-header-display":"","ast-hfb-mobile-header-display":"","site-post-title":"disabled","ast-breadcrumbs-content":"","ast-featured-img":"disabled","footer-sml-layout":"","ast-disable-related-posts":"","theme-transparent-header-meta":"","adv-header-id-meta":"","stick-header-meta":"","header-above-stick-meta":"","header-main-stick-meta":"","header-below-stick-meta":"","astra-migrate-meta-layouts":"default","ast-page-background-enabled":"default","ast-page-background-meta":{"desktop":{"background-color":"var(--ast-global-color-4)","background-image":"","background-repeat":"repeat","background-position":"center center","background-size":"auto","background-attachment":"scroll","background-type":"","background-media":"","overlay-type":"","overlay-color":"","overlay-opacity":"","overlay-gradient":""},"tablet":{"background-color":"","background-image":"","background-repeat":"repeat","background-position":"center center","background-size":"auto","background-attachment":"scroll","background-type":"","background-media":"","overlay-type":"","overlay-color":"","overlay-opacity":"","overlay-gradient":""},"mobile":{"background-color":"","background-image":"","background-repeat":"repeat","background-position":"center center","background-size":"auto","background-attachment":"scroll","background-type":"","background-media":"","overlay-type":"","overlay-color":"","overlay-opacity":"","overlay-gradient":""}},"ast-content-background-meta":{"desktop":{"background-color":"var(--ast-global-color-5)","background-image":"","background-repeat":"repeat","background-position":"center center","background-size":"auto","background-attachment":"scroll","background-type":"","background-media":"","overlay-type":"","overlay-color":"","overlay-opacity":"","overlay-gradient":""},"tablet":{"background-color":"var(--ast-global-color-5)","background-image":"","background-repeat":"repeat","background-position":"center center","background-size":"auto","background-attachment":"scroll","background-type":"","background-media":"","overlay-type":"","overlay-color":"","overlay-opacity":"","overlay-gradient":""},"mobile":{"background-color":"var(--ast-global-color-5)","background-image":"","background-repeat":"repeat","background-position":"center center","background-size":"auto","background-attachment":"scroll","background-type":"","background-media":"","overlay-type":"","overlay-color":"","overlay-opacity":"","overlay-gradient":""}},"footnotes":""},"class_list":["post-28033","page","type-page","status-publish","hentry"],"acf":[],"yoast_head":"<!-- This site is optimized with the Yoast SEO Premium plugin v27.4 (Yoast SEO v27.4) - https:\/\/yoast.com\/product\/yoast-seo-premium-wordpress\/ -->\n<title>Master IT Program, Intakes and Examinations - Institut Avrio de Gen\u00e8ve<\/title>\n<meta name=\"description\" content=\"The Study WeeksNew StartProgram ModulesExamsOct\/01Oct\/07Oct IntakeOct\/08Oct\/141st ModuleOct\/15Oct\/21Oct\/22Oct\/28Nov\/01Nov\/072nd\" \/>\n<meta name=\"robots\" content=\"index, follow, max-snippet:-1, max-image-preview:large, max-video-preview:-1\" \/>\n<link rel=\"canonical\" href=\"https:\/\/www.avrio.ch\/es\/descubrir\/examenes-de-admision-y-horarios\/tecnologias-de-la-informacion\/maestro\/\" \/>\n<meta property=\"og:locale\" content=\"es_ES\" \/>\n<meta property=\"og:type\" content=\"article\" \/>\n<meta property=\"og:title\" content=\"Master IT Program, Intakes and Examinations\" \/>\n<meta property=\"og:description\" content=\"The Study WeeksNew StartProgram ModulesExamsOct\/01Oct\/07Oct IntakeOct\/08Oct\/141st ModuleOct\/15Oct\/21Oct\/22Oct\/28Nov\/01Nov\/072nd\" \/>\n<meta property=\"og:url\" content=\"https:\/\/www.avrio.ch\/es\/descubrir\/examenes-de-admision-y-horarios\/tecnologias-de-la-informacion\/maestro\/\" \/>\n<meta property=\"og:site_name\" content=\"Institut Avrio de Gen\u00e8ve\" \/>\n<meta property=\"article:publisher\" content=\"https:\/\/www.facebook.com\/institutavriodegeneve\/\" \/>\n<meta property=\"article:modified_time\" content=\"2023-09-08T22:57:31+00:00\" \/>\n<meta property=\"og:image\" content=\"https:\/\/www.avrio.ch\/v23\/wp-content\/uploads\/2020\/06\/logo-2.png\" \/>\n\t<meta property=\"og:image:width\" content=\"600\" \/>\n\t<meta property=\"og:image:height\" content=\"224\" \/>\n\t<meta property=\"og:image:type\" content=\"image\/png\" \/>\n<meta name=\"twitter:card\" content=\"summary_large_image\" \/>\n<meta name=\"twitter:site\" content=\"@AvrioDeGeneve\" \/>\n<meta name=\"twitter:label1\" content=\"Tiempo de lectura\" \/>\n\t<meta name=\"twitter:data1\" content=\"1 minuto\" \/>\n<script type=\"application\/ld+json\" class=\"yoast-schema-graph\">{\"@context\":\"https:\\\/\\\/schema.org\",\"@graph\":[{\"@type\":\"WebPage\",\"@id\":\"https:\\\/\\\/www.avrio.ch\\\/discover\\\/intakes-exams-and-timetable\\\/information-technology\\\/master\\\/\",\"url\":\"https:\\\/\\\/www.avrio.ch\\\/discover\\\/intakes-exams-and-timetable\\\/information-technology\\\/master\\\/\",\"name\":\"Master IT Program, Intakes and Examinations - Institut Avrio de Gen\u00e8ve\",\"isPartOf\":{\"@id\":\"https:\\\/\\\/www.avrio.ch\\\/#website\"},\"datePublished\":\"2023-09-06T00:39:51+00:00\",\"dateModified\":\"2023-09-08T22:57:31+00:00\",\"description\":\"The Study WeeksNew StartProgram ModulesExamsOct\\\/01Oct\\\/07Oct IntakeOct\\\/08Oct\\\/141st ModuleOct\\\/15Oct\\\/21Oct\\\/22Oct\\\/28Nov\\\/01Nov\\\/072nd\",\"breadcrumb\":{\"@id\":\"https:\\\/\\\/www.avrio.ch\\\/discover\\\/intakes-exams-and-timetable\\\/information-technology\\\/master\\\/#breadcrumb\"},\"inLanguage\":\"es\",\"potentialAction\":[{\"@type\":\"ReadAction\",\"target\":[\"https:\\\/\\\/www.avrio.ch\\\/discover\\\/intakes-exams-and-timetable\\\/information-technology\\\/master\\\/\"]}]},{\"@type\":\"BreadcrumbList\",\"@id\":\"https:\\\/\\\/www.avrio.ch\\\/discover\\\/intakes-exams-and-timetable\\\/information-technology\\\/master\\\/#breadcrumb\",\"itemListElement\":[{\"@type\":\"ListItem\",\"position\":1,\"name\":\"Home\",\"item\":\"https:\\\/\\\/www.avrio.ch\\\/\"},{\"@type\":\"ListItem\",\"position\":2,\"name\":\"Discover\",\"item\":\"https:\\\/\\\/www.avrio.ch\\\/discover\\\/\"},{\"@type\":\"ListItem\",\"position\":3,\"name\":\"Intakes, Exams and timetable\",\"item\":\"https:\\\/\\\/www.avrio.ch\\\/discover\\\/intakes-exams-and-timetable\\\/\"},{\"@type\":\"ListItem\",\"position\":4,\"name\":\"Information Technology\",\"item\":\"https:\\\/\\\/www.avrio.ch\\\/discover\\\/intakes-exams-and-timetable\\\/information-technology\\\/\"},{\"@type\":\"ListItem\",\"position\":5,\"name\":\"Master IT Program, Intakes and Examinations\"}]},{\"@type\":\"WebSite\",\"@id\":\"https:\\\/\\\/www.avrio.ch\\\/#website\",\"url\":\"https:\\\/\\\/www.avrio.ch\\\/\",\"name\":\"Institut Avrio de Gen\u00e8ve\",\"description\":\"Online Business Management &amp; Information Technology Institute\",\"publisher\":{\"@id\":\"https:\\\/\\\/www.avrio.ch\\\/#organization\"},\"alternateName\":\"Avrio Institute\",\"potentialAction\":[{\"@type\":\"SearchAction\",\"target\":{\"@type\":\"EntryPoint\",\"urlTemplate\":\"https:\\\/\\\/www.avrio.ch\\\/?s={search_term_string}\"},\"query-input\":{\"@type\":\"PropertyValueSpecification\",\"valueRequired\":true,\"valueName\":\"search_term_string\"}}],\"inLanguage\":\"es\"},{\"@type\":[\"Organization\",\"Place\",\"CollegeOrUniversity\"],\"@id\":\"https:\\\/\\\/www.avrio.ch\\\/#organization\",\"name\":\"Institut Avrio de Gen\u00e8ve\",\"alternateName\":\"Avrio Institute\",\"url\":\"https:\\\/\\\/www.avrio.ch\\\/\",\"logo\":{\"@id\":\"https:\\\/\\\/www.avrio.ch\\\/discover\\\/intakes-exams-and-timetable\\\/information-technology\\\/master\\\/#local-main-organization-logo\"},\"image\":{\"@id\":\"https:\\\/\\\/www.avrio.ch\\\/discover\\\/intakes-exams-and-timetable\\\/information-technology\\\/master\\\/#local-main-organization-logo\"},\"sameAs\":[\"https:\\\/\\\/www.facebook.com\\\/institutavriodegeneve\\\/\",\"https:\\\/\\\/x.com\\\/AvrioDeGeneve\",\"https:\\\/\\\/www.instagram.com\\\/institutavriodegeneve\\\/\",\"https:\\\/\\\/www.linkedin.com\\\/in\\\/avrio-de-geneve-024392194\\\/\",\"https:\\\/\\\/www.youtube.com\\\/channel\\\/UCPP2orNhGglhisZlldUbnkQ\"],\"address\":{\"@id\":\"https:\\\/\\\/www.avrio.ch\\\/discover\\\/intakes-exams-and-timetable\\\/information-technology\\\/master\\\/#local-main-place-address\"},\"telephone\":[\"+41794642989\"],\"openingHoursSpecification\":[{\"@type\":\"OpeningHoursSpecification\",\"dayOfWeek\":[\"Sunday\",\"Wednesday\",\"Saturday\"],\"opens\":\"00:00\",\"closes\":\"00:00\"},{\"@type\":\"OpeningHoursSpecification\",\"dayOfWeek\":[\"Monday\",\"Tuesday\",\"Thursday\",\"Friday\"],\"opens\":\"09:00\",\"closes\":\"11:00\"}],\"email\":\"info@avrio.ch\"},{\"@type\":\"PostalAddress\",\"@id\":\"https:\\\/\\\/www.avrio.ch\\\/discover\\\/intakes-exams-and-timetable\\\/information-technology\\\/master\\\/#local-main-place-address\",\"streetAddress\":\"Rue de la Cit\u00e9 1\",\"addressLocality\":\"Geneva\",\"postalCode\":\"1204\",\"addressRegion\":\"Geneva\",\"addressCountry\":\"CH\"},{\"@type\":\"ImageObject\",\"inLanguage\":\"es\",\"@id\":\"https:\\\/\\\/www.avrio.ch\\\/discover\\\/intakes-exams-and-timetable\\\/information-technology\\\/master\\\/#local-main-organization-logo\",\"url\":\"https:\\\/\\\/www.avrio.ch\\\/v23\\\/wp-content\\\/uploads\\\/2020\\\/04\\\/logo-new-img-1.png\",\"contentUrl\":\"https:\\\/\\\/www.avrio.ch\\\/v23\\\/wp-content\\\/uploads\\\/2020\\\/04\\\/logo-new-img-1.png\",\"width\":539,\"height\":600,\"caption\":\"Institut Avrio de Gen\u00e8ve\"}]}<\/script>\n<meta name=\"geo.placename\" content=\"Geneva\" \/>\n<meta name=\"geo.region\" content=\"Suiza\" \/>\n<!-- \/ Yoast SEO Premium plugin. -->","yoast_head_json":{"title":"Programa de Maestr\u00eda en TI, Admisiones y Ex\u00e1menes - Institut Avrio de Gen\u00e8ve","description":"Las Semanas de EstudioNuevo InicioM\u00f3dulos del ProgramaEx\u00e1menesOct\/01Oct\/07Oct Admisi\u00f3nOct\/08Oct\/141er M\u00f3duloOct\/15Oct\/21Oct\/22Oct\/28Nov\/01Nov\/072","robots":{"index":"index","follow":"follow","max-snippet":"max-snippet:-1","max-image-preview":"max-image-preview:large","max-video-preview":"max-video-preview:-1"},"canonical":"https:\/\/www.avrio.ch\/es\/descubrir\/examenes-de-admision-y-horarios\/tecnologias-de-la-informacion\/maestro\/","og_locale":"es_ES","og_type":"article","og_title":"Master IT Program, Intakes and Examinations","og_description":"The Study WeeksNew StartProgram ModulesExamsOct\/01Oct\/07Oct IntakeOct\/08Oct\/141st ModuleOct\/15Oct\/21Oct\/22Oct\/28Nov\/01Nov\/072nd","og_url":"https:\/\/www.avrio.ch\/es\/descubrir\/examenes-de-admision-y-horarios\/tecnologias-de-la-informacion\/maestro\/","og_site_name":"Institut Avrio de Gen\u00e8ve","article_publisher":"https:\/\/www.facebook.com\/institutavriodegeneve\/","article_modified_time":"2023-09-08T22:57:31+00:00","og_image":[{"width":600,"height":224,"url":"https:\/\/www.avrio.ch\/v23\/wp-content\/uploads\/2020\/06\/logo-2.png","type":"image\/png"}],"twitter_card":"summary_large_image","twitter_site":"@AvrioDeGeneve","twitter_misc":{"Tiempo de lectura":"1 minuto"},"schema":{"@context":"https:\/\/schema.org","@graph":[{"@type":"WebPage","@id":"https:\/\/www.avrio.ch\/discover\/intakes-exams-and-timetable\/information-technology\/master\/","url":"https:\/\/www.avrio.ch\/discover\/intakes-exams-and-timetable\/information-technology\/master\/","name":"Programa de Maestr\u00eda en TI, Admisiones y Ex\u00e1menes - Institut Avrio de Gen\u00e8ve","isPartOf":{"@id":"https:\/\/www.avrio.ch\/#website"},"datePublished":"2023-09-06T00:39:51+00:00","dateModified":"2023-09-08T22:57:31+00:00","description":"Las Semanas de EstudioNuevo InicioM\u00f3dulos del ProgramaEx\u00e1menesOct\/01Oct\/07Oct Admisi\u00f3nOct\/08Oct\/141er M\u00f3duloOct\/15Oct\/21Oct\/22Oct\/28Nov\/01Nov\/072","breadcrumb":{"@id":"https:\/\/www.avrio.ch\/discover\/intakes-exams-and-timetable\/information-technology\/master\/#breadcrumb"},"inLanguage":"es","potentialAction":[{"@type":"ReadAction","target":["https:\/\/www.avrio.ch\/discover\/intakes-exams-and-timetable\/information-technology\/master\/"]}]},{"@type":"BreadcrumbList","@id":"https:\/\/www.avrio.ch\/discover\/intakes-exams-and-timetable\/information-technology\/master\/#breadcrumb","itemListElement":[{"@type":"ListItem","position":1,"name":"Home","item":"https:\/\/www.avrio.ch\/"},{"@type":"ListItem","position":2,"name":"Discover","item":"https:\/\/www.avrio.ch\/discover\/"},{"@type":"ListItem","position":3,"name":"Intakes, Exams and timetable","item":"https:\/\/www.avrio.ch\/discover\/intakes-exams-and-timetable\/"},{"@type":"ListItem","position":4,"name":"Information Technology","item":"https:\/\/www.avrio.ch\/discover\/intakes-exams-and-timetable\/information-technology\/"},{"@type":"ListItem","position":5,"name":"Master IT Program, Intakes and Examinations"}]},{"@type":"WebSite","@id":"https:\/\/www.avrio.ch\/#website","url":"https:\/\/www.avrio.ch\/","name":"Instituto Avrio de Ginebra","description":"Instituto de Tecnolog\u00eda de la Informaci\u00f3n y Gesti\u00f3n Empresarial en L\u00ednea","publisher":{"@id":"https:\/\/www.avrio.ch\/#organization"},"alternateName":"Avrio Institute","potentialAction":[{"@type":"SearchAction","target":{"@type":"EntryPoint","urlTemplate":"https:\/\/www.avrio.ch\/?s={search_term_string}"},"query-input":{"@type":"PropertyValueSpecification","valueRequired":true,"valueName":"search_term_string"}}],"inLanguage":"es"},{"@type":["Organization","Place","CollegeOrUniversity"],"@id":"https:\/\/www.avrio.ch\/#organization","name":"Instituto Avrio de Ginebra","alternateName":"Avrio Institute","url":"https:\/\/www.avrio.ch\/","logo":{"@id":"https:\/\/www.avrio.ch\/discover\/intakes-exams-and-timetable\/information-technology\/master\/#local-main-organization-logo"},"image":{"@id":"https:\/\/www.avrio.ch\/discover\/intakes-exams-and-timetable\/information-technology\/master\/#local-main-organization-logo"},"sameAs":["https:\/\/www.facebook.com\/institutavriodegeneve\/","https:\/\/x.com\/AvrioDeGeneve","https:\/\/www.instagram.com\/institutavriodegeneve\/","https:\/\/www.linkedin.com\/in\/avrio-de-geneve-024392194\/","https:\/\/www.youtube.com\/channel\/UCPP2orNhGglhisZlldUbnkQ"],"address":{"@id":"https:\/\/www.avrio.ch\/discover\/intakes-exams-and-timetable\/information-technology\/master\/#local-main-place-address"},"telephone":["+41794642989"],"openingHoursSpecification":[{"@type":"OpeningHoursSpecification","dayOfWeek":["Sunday","Wednesday","Saturday"],"opens":"00:00","closes":"00:00"},{"@type":"OpeningHoursSpecification","dayOfWeek":["Monday","Tuesday","Thursday","Friday"],"opens":"09:00","closes":"11:00"}],"email":"info@avrio.ch"},{"@type":"PostalAddress","@id":"https:\/\/www.avrio.ch\/discover\/intakes-exams-and-timetable\/information-technology\/master\/#local-main-place-address","streetAddress":"Rue de la Cit\u00e9 1","addressLocality":"Geneva","postalCode":"1204","addressRegion":"Geneva","addressCountry":"CH"},{"@type":"ImageObject","inLanguage":"es","@id":"https:\/\/www.avrio.ch\/discover\/intakes-exams-and-timetable\/information-technology\/master\/#local-main-organization-logo","url":"https:\/\/www.avrio.ch\/v23\/wp-content\/uploads\/2020\/04\/logo-new-img-1.png","contentUrl":"https:\/\/www.avrio.ch\/v23\/wp-content\/uploads\/2020\/04\/logo-new-img-1.png","width":539,"height":600,"caption":"Institut Avrio de Gen\u00e8ve"}]},"geo.placename":"Geneva","geo.region":"Suiza"},"_links":{"self":[{"href":"https:\/\/www.avrio.ch\/es\/wp-json\/wp\/v2\/pages\/28033","targetHints":{"allow":["GET"]}}],"collection":[{"href":"https:\/\/www.avrio.ch\/es\/wp-json\/wp\/v2\/pages"}],"about":[{"href":"https:\/\/www.avrio.ch\/es\/wp-json\/wp\/v2\/types\/page"}],"author":[{"embeddable":true,"href":"https:\/\/www.avrio.ch\/es\/wp-json\/wp\/v2\/users\/1"}],"replies":[{"embeddable":true,"href":"https:\/\/www.avrio.ch\/es\/wp-json\/wp\/v2\/comments?post=28033"}],"version-history":[{"count":0,"href":"https:\/\/www.avrio.ch\/es\/wp-json\/wp\/v2\/pages\/28033\/revisions"}],"up":[{"embeddable":true,"href":"https:\/\/www.avrio.ch\/es\/wp-json\/wp\/v2\/pages\/28013"}],"wp:attachment":[{"href":"https:\/\/www.avrio.ch\/es\/wp-json\/wp\/v2\/media?parent=28033"}],"curies":[{"name":"wp","href":"https:\/\/api.w.org\/{rel}","templated":true}]}}